{"id":593,"date":"2020-04-02T13:55:44","date_gmt":"2020-04-02T11:55:44","guid":{"rendered":"http:\/\/sindicatdebarri.org\/?page_id=593"},"modified":"2023-05-24T14:26:03","modified_gmt":"2023-05-24T12:26:03","slug":"vaga-de-lloguers","status":"publish","type":"page","link":"https:\/\/sindicatdebarri.org\/index.php\/campanyes\/campanyes-passades\/vaga-de-lloguers\/","title":{"rendered":"VAGA DE LLOGUERS"},"content":{"rendered":"\r\n<ul>\r\n<li>\r\n<h4><strong><a href=\"https:\/\/suspensionalquileres.org\/formulario\/\">Suma&#8217;t a la Vaga<\/a><\/strong><\/h4>\r\n<\/li>\r\n<li>\r\n<h4><strong><a href=\"http:\/\/sindicatdebarri.org\/index.php\/demandes-de-la-vaga-de-lloguers\/\">Demandes de la Vaga de Lloguers<\/a><\/strong><\/h4>\r\n<\/li>\r\n<li>\r\n<h4><strong><a href=\"http:\/\/sindicatdebarri.org\/index.php\/preguntes-frequents\/\">Preguntes Freq\u00fcents<\/a><\/strong><\/h4>\r\n<\/li>\r\n<li>\r\n<h4><strong><a href=\"http:\/\/sindicatdebarri.org\/wp-content\/uploads\/2020\/04\/Miniguia-Vaga-de-Lloguers-VKK-3.2.pdf\">Mini Guia: Com participar en una Vaga de Lloguers<\/a><\/strong><\/h4>\r\n<\/li>\r\n<li>\r\n<h4><strong><a href=\"https:\/\/ca.goteo.org\/project\/caja-de-resistencia-huelga-de-alquileres\">Caixa de resist\u00e8ncia<\/a><\/strong><\/h4>\r\n<\/li>\r\n<li>\r\n<h4><strong><a href=\"http:\/\/sindicatdebarri.org\/index.php\/material-dinteres\/\">Material d&#8217;Inter\u00e8s<\/a><\/strong><\/h4>\r\n<\/li>\r\n<\/ul>\r\n\r\n\r\n\r\n<p>&nbsp;<\/p>\r\n\r\n<p align=\"LEFT\"><span lang=\"ca-ES\">Has perdut ingressos arran la situaci\u00f3 de confinament? <strong>Abans d\u2019endeutar-te o deixar de cobrir necessitats b\u00e0siques, deixa de pagar el lloguer.<\/strong><br \/>Els col\u00b7lectius d\u2019habitatge de tot l\u2019estat hem preparat una resposta conjunta i coordinada. D\u2019aquesta situaci\u00f3 en sortirem com sabem que \u00e9s possible: <strong>unides, organitzades i actuant pels nostres drets i per una vida digna.<\/strong><\/span><strong><span lang=\"ca-ES\">\u2028\u2028<\/span><\/strong><\/p>\r\n<p align=\"LEFT\"><img decoding=\"async\" loading=\"lazy\" class=\"aligncenter wp-image-598\" src=\"http:\/\/sindicatdebarri.org\/wp-content\/uploads\/2020\/04\/PUNY-Q-CAT-300x300.png\" alt=\"\" width=\"550\" height=\"550\" srcset=\"https:\/\/sindicatdebarri.org\/wp-content\/uploads\/2020\/04\/PUNY-Q-CAT-300x300.png 300w, https:\/\/sindicatdebarri.org\/wp-content\/uploads\/2020\/04\/PUNY-Q-CAT-150x150.png 150w, https:\/\/sindicatdebarri.org\/wp-content\/uploads\/2020\/04\/PUNY-Q-CAT-768x768.png 768w, https:\/\/sindicatdebarri.org\/wp-content\/uploads\/2020\/04\/PUNY-Q-CAT.png 1000w\" sizes=\"(max-width: 550px) 100vw, 550px\" \/><\/p>\r\n<p align=\"LEFT\"><span lang=\"ca-ES\">La situaci\u00f3 actual no pot ser m\u00e9s alarmant, i no nom\u00e9s a nivells sanitaris, sin\u00f3 tamb\u00e9 econ\u00f2mics i socials.<br \/><\/span><span lang=\"ca-ES\">Les mesures adoptades per l\u2019executiu amb relaci\u00f3 a l\u2019estat d\u2019alarma que es va decretar per la Covid-19 s\u00f3n marcadament anti-obreres (flexibilitzaci\u00f3 dels ERTO) i que es limiten a la superf\u00edcie (morat\u00f2ria limitada de les hipoteques) ignorant el b\u00e0sic: <strong>milers de fam\u00edlies que viuen a el dia, que sobreviuen amb treballs sense n\u00f2mina, que han estat acomiadades fraudulentament i en les cases no entra cap ingr\u00e9s a causa del confinament, s\u2019exposen a la impossibilitat de fer front al pagament del lloguer.<\/strong><\/span><\/p>\r\n<p align=\"LEFT\"><span lang=\"ca-ES\">Els sectors m\u00e9s empobrits de la poblaci\u00f3, com llogateres, migrants, persones sense llar, treballadores dom\u00e8stiques, prec\u00e0ries, han estat completament relegats i ignorats, com sempre.<br \/>M\u00e9s de 200 col\u00b7lectius s\u2019han unit en aquesta vaga de lloguers per exigir al Govern mesures que cobreixin els drets m\u00e9s b\u00e0sics durant el confinament. Les demandes s\u00f3n clares:<\/span><\/p>\r\n<p align=\"LEFT\"><strong><span lang=\"ca-ES\">\u2013 Suspensi\u00f3 dels pagaments del lloguer i hipotecaris a l\u2019habitatge habitual.<\/span><\/strong><\/p>\r\n<p><strong>\u2013 Suspensi\u00f3 del pagament dels subministraments b\u00e0sics d\u2019aigua, llum i gas.<\/strong><\/p>\r\n<p><strong>\u2013 Posar els habitatges buits a disposici\u00f3 de les persones que no disposen d\u2019un.<\/strong><\/p>\r\n<p align=\"LEFT\"><span lang=\"ca-ES\">Pots llegir-les amb m\u00e9s detall <a href=\"http:\/\/sindicatdebarri.org\/index.php\/demandes-de-la-vaga-de-lloguers\/\"><strong>AQU\u00cd<\/strong><strong>.<\/strong><\/a><\/span><\/p>\r\n<p><span lang=\"ca-ES\">Per aquests motius, <\/span><strong><span lang=\"ca-ES\">CONVOQUEM A TOTES LES LLOGATERES A SECUNDAR LA VAGA DE LLOGUERS A PARTIR D\u2019AQUEST 1 D\u2019ABRIL DE 2020<\/span><\/strong><span lang=\"ca-ES\">, que molts col\u00b7lectius, plataformes i sindicats han convocat, tamb\u00e9 a nivell internacional (des dels EUA, Canad\u00e0, Regne Unit, Su\u00e8cia, Xile\u2026 i els que s\u2019aniran sumant).<\/span><\/p>\r\n<p><img decoding=\"async\" loading=\"lazy\" class=\"aligncenter wp-image-600\" src=\"http:\/\/sindicatdebarri.org\/wp-content\/uploads\/2020\/04\/GR\u00c0FIC-QUADRAT-CAT-300x300.png\" alt=\"\" width=\"550\" height=\"550\" srcset=\"https:\/\/sindicatdebarri.org\/wp-content\/uploads\/2020\/04\/GR\u00c0FIC-QUADRAT-CAT-300x300.png 300w, https:\/\/sindicatdebarri.org\/wp-content\/uploads\/2020\/04\/GR\u00c0FIC-QUADRAT-CAT-1024x1024.png 1024w, https:\/\/sindicatdebarri.org\/wp-content\/uploads\/2020\/04\/GR\u00c0FIC-QUADRAT-CAT-150x150.png 150w, https:\/\/sindicatdebarri.org\/wp-content\/uploads\/2020\/04\/GR\u00c0FIC-QUADRAT-CAT-768x768.png 768w, https:\/\/sindicatdebarri.org\/wp-content\/uploads\/2020\/04\/GR\u00c0FIC-QUADRAT-CAT.png 1200w\" sizes=\"(max-width: 550px) 100vw, 550px\" \/><\/p>\r\n<h4><strong><span lang=\"ca-ES\">Quins s\u00f3n els seg\u00fcents passos?<\/span><\/strong><\/h4>\r\n<p><span lang=\"ca-ES\">De moment, els primers passos que has de seguir per sumar-te a la campanya i comptar amb tot el nostre suport s\u00f3n f\u00e0cils:<br \/><\/span><\/p>\r\n<p><strong>\u2013 Apunta\u2019t al formulari que trobar\u00e0s a l\u2019apartat \u201cSuma\u2019t\u201d del web: <a href=\"https:\/\/suspensionalquileres.org\/formulario\/\">https:\/\/suspensionalquileres.org\/formulario\/<\/a>.<\/strong><br \/>\u00c9s molt important que el completis per poder sumar en la xarxa estatal en la qu\u00e8 participa el Sindicat de Barri del Poble Sec i perqu\u00e8 rebis informaci\u00f3 dels propers passos.<\/p>\r\n<p>\u2013 Participa activament del <strong>Sindicat de Barri del Poble Sec<\/strong><strong>.<\/strong><br \/>Contacta\u2019ns al mail: <strong><a href=\"poblesec@sindicatdebarri.org\">poblesec@sindicatdebarri.org<\/a><\/strong> <br \/>Si vius en un altre barri, pots <strong>consultar el col\u00b7lectiu d\u2019habitatge<\/strong> que et quedi m\u00e9s a prop clicant <strong><a href=\"https:\/\/suspensionalquileres.org\/quienes-somos\/\">AQU\u00cd<\/a>.<\/strong><\/p>\r\n<p>\u2013 Si no hi ha cap Comit\u00e8 de Vaga de Lloguers a prop de casa teva, parla amb les ve\u00efnes i prediqueu amb l\u2019exemple: organitzeu-vos.<br \/>Hem elaborat una <strong>guia breu<\/strong> que et podr\u00e0 ajudar tamb\u00e9 a resoldre qualsevol dubte, la podeu consultar <a href=\"http:\/\/sindicatdebarri.org\/wp-content\/uploads\/2020\/04\/Miniguia-Vaga-de-Lloguers-VKK-3.2.pdf\"><strong>AQU\u00cd<\/strong><\/a><strong>.<\/strong><\/p>\r\n<p><span lang=\"ca-ES\">\u2013 Descarrega\u2019t l\u2019aplicaci\u00f3 de missatgeria Telegram: <\/span><strong><a href=\"https:\/\/translate.google.com\/translate?hl=ca&amp;prev=_t&amp;sl=es&amp;tl=ca&amp;u=https:\/\/telegram.org\"><span lang=\"ca-ES\"><u>https:\/\/telegram.org<\/u><\/span><\/a><\/strong><span lang=\"ca-ES\"> i <\/span><span lang=\"ca-ES\"><b>uneix-te al canal del Sindicat de Barri del Poble Sec: <\/b><\/span><a href=\"https:\/\/t.me\/SindicatPobleSec\"><strong>https:\/\/t.me\/SindicatPobleSec<\/strong><\/a><span lang=\"ca-ES\">, anirem actualitzant informaci\u00f3 rellevant de manera m\u00e9s constant, sense gens de SPAM!<\/span><\/p>\r\n<p><span lang=\"ca-ES\">\u2013 Finalment, si pots donar suport comunicatiu a la vaga, t\u2019agrair\u00edem que et facis un v\u00eddeo-selfie explicant la teva situaci\u00f3 i <\/span><span lang=\"ca-ES\"><b>difonguis <\/b><\/span><span lang=\"ca-ES\">per les teves xarxes socials (Facebook, Twitter, Instagram, WhatsApp, Telegram\u2026), amb el seg\u00fcent hashtag <strong><a href=\"https:\/\/twitter.com\/search?q=%23HuelgaAlquileres&amp;src=typeahead_click\">#HuelgaAlquileres<\/a>.<\/strong><br \/>Escampa la veu entre totes les teves conegudes: <strong>que totes les llogateres coneguin aquesta lluita!<\/strong><\/span><\/p>\r\n<p align=\"LEFT\"><span lang=\"ca-ES\">Si teniu dubtes o preguntes, cliqueu <a href=\"http:\/\/sindicatdebarri.org\/index.php\/preguntes-frequents\/\"><strong>AQU\u00cd<\/strong><\/a> per consultar les <strong>\u201cpreguntes freq\u00fcents\u201d<\/strong>, trobareu informaci\u00f3 \u00fatil sobre la Vaga de Lloguers.<\/span><\/p>\r\n<p>Recorda que no est\u00e0s sola. Quan et sumes a la vaga, a m\u00e9s d\u2019incorporar el teu cas individual a una demanda col\u00b7lectiva, entres en contacte amb una xarxa estatal d\u2019afectades que compta amb advocades i persones que porten, aix\u00ed com amb una <strong>caixa de resist\u00e8ncia<\/strong> per a les despeses que es puguin generar, cliqueu <a href=\"https:\/\/ca.goteo.org\/project\/caja-de-resistencia-huelga-de-alquileres\"><strong>AQU\u00cd<\/strong><\/a> per m\u00e9s informaci\u00f3.<\/p>\r\n<p><img decoding=\"async\" loading=\"lazy\" class=\"aligncenter wp-image-602\" src=\"http:\/\/sindicatdebarri.org\/wp-content\/uploads\/2020\/04\/GUARDIOLA-Q-CAT.png\" alt=\"\" width=\"550\" height=\"550\" srcset=\"https:\/\/sindicatdebarri.org\/wp-content\/uploads\/2020\/04\/GUARDIOLA-Q-CAT.png 1000w, https:\/\/sindicatdebarri.org\/wp-content\/uploads\/2020\/04\/GUARDIOLA-Q-CAT-300x300.png 300w, https:\/\/sindicatdebarri.org\/wp-content\/uploads\/2020\/04\/GUARDIOLA-Q-CAT-150x150.png 150w, https:\/\/sindicatdebarri.org\/wp-content\/uploads\/2020\/04\/GUARDIOLA-Q-CAT-768x768.png 768w\" sizes=\"(max-width: 550px) 100vw, 550px\" \/><\/p>\r\n<p>&nbsp;<\/p>\r\n<h3 align=\"LEFT\"><span lang=\"ca-ES\"><b>Ens sobren els motius per proclamar a partir d\u2019aquest 1-A: <\/b><\/span><\/h3>\r\n<h3 align=\"LEFT\"><span lang=\"ca-ES\"><b>VAGA DE LLOGUERS GENERAL I INDEFINIDA!<br \/><\/b><\/span><span lang=\"ca-ES\"><b>SI NO COBREM, NO PAGUEM.<\/b><\/span><\/h3>\r\n<p>&nbsp;<\/p>\r\n<p><img decoding=\"async\" loading=\"lazy\" class=\"aligncenter wp-image-603\" src=\"http:\/\/sindicatdebarri.org\/wp-content\/uploads\/2020\/04\/NO-COBREM-NO-PAGUEM-300x300.png\" alt=\"\" width=\"550\" height=\"550\" srcset=\"https:\/\/sindicatdebarri.org\/wp-content\/uploads\/2020\/04\/NO-COBREM-NO-PAGUEM-300x300.png 300w, https:\/\/sindicatdebarri.org\/wp-content\/uploads\/2020\/04\/NO-COBREM-NO-PAGUEM-1024x1024.png 1024w, https:\/\/sindicatdebarri.org\/wp-content\/uploads\/2020\/04\/NO-COBREM-NO-PAGUEM-150x150.png 150w, https:\/\/sindicatdebarri.org\/wp-content\/uploads\/2020\/04\/NO-COBREM-NO-PAGUEM-768x767.png 768w, https:\/\/sindicatdebarri.org\/wp-content\/uploads\/2020\/04\/NO-COBREM-NO-PAGUEM.png 1201w\" sizes=\"(max-width: 550px) 100vw, 550px\" \/><\/p>","protected":false},"excerpt":{"rendered":"<p>Suma&#8217;t a la Vaga Demandes de la Vaga de Lloguers Preguntes Freq\u00fcents Mini Guia: Com participar en una Vaga de [&hellip;]<\/p>\n","protected":false},"author":1,"featured_media":0,"parent":429,"menu_order":0,"comment_status":"closed","ping_status":"closed","template":"","meta":[],"_links":{"self":[{"href":"https:\/\/sindicatdebarri.org\/index.php\/wp-json\/wp\/v2\/pages\/593"}],"collection":[{"href":"https:\/\/sindicatdebarri.org\/index.php\/wp-json\/wp\/v2\/pages"}],"about":[{"href":"https:\/\/sindicatdebarri.org\/index.php\/wp-json\/wp\/v2\/types\/page"}],"author":[{"embeddable":true,"href":"https:\/\/sindicatdebarri.org\/index.php\/wp-json\/wp\/v2\/users\/1"}],"replies":[{"embeddable":true,"href":"https:\/\/sindicatdebarri.org\/index.php\/wp-json\/wp\/v2\/comments?post=593"}],"version-history":[{"count":26,"href":"https:\/\/sindicatdebarri.org\/index.php\/wp-json\/wp\/v2\/pages\/593\/revisions"}],"predecessor-version":[{"id":759,"href":"https:\/\/sindicatdebarri.org\/index.php\/wp-json\/wp\/v2\/pages\/593\/revisions\/759"}],"up":[{"embeddable":true,"href":"https:\/\/sindicatdebarri.org\/index.php\/wp-json\/wp\/v2\/pages\/429"}],"wp:attachment":[{"href":"https:\/\/sindicatdebarri.org\/index.php\/wp-json\/wp\/v2\/media?parent=593"}],"curies":[{"name":"wp","href":"https:\/\/api.w.org\/{rel}","templated":true}]}}