{"id":344,"date":"2019-12-05T20:58:37","date_gmt":"2019-12-05T19:58:37","guid":{"rendered":"http:\/\/sindicatdebarri.org\/?page_id=344"},"modified":"2020-04-07T11:58:39","modified_gmt":"2020-04-07T09:58:39","slug":"altres-collectius-dhabitatge","status":"publish","type":"page","link":"https:\/\/sindicatdebarri.org\/index.php\/sindicat-de-barri-del-poble-sec\/altres-collectius-dhabitatge\/","title":{"rendered":"Sindicats i Col\u00b7lectius d&#8217;habitatge"},"content":{"rendered":"<hr \/>\n<h5>Per si heu arribat aqu\u00ed per dubtes al voltant de l&#8217;habitatge per\u00f2 no viviu al Poble Sec, per si voleu con\u00e8ixer d&#8217;altres experi\u00e8ncies i\/o maneres d&#8217;afrontar una mateixa problem\u00e0tica, o simplement per deixar clar que la lluita per un habitatge digne s&#8217;est\u00e0 fent arreu i de diverses maneres, aqu\u00ed teniu l&#8217;enlla\u00e7 a d&#8217;altres col\u00b7lectius que treballen en l&#8217;\u00e0mbit de l&#8217;habitatge.<\/h5>\n<hr \/>\n<p>Aqu\u00ed t&#8217;eniu l&#8217;enlla\u00e7 per veure&#8217;ls a un mapa:<\/p>\n<p><a href=\"https:\/\/www.google.com\/maps\/d\/edit?hl=ca&amp;mid=1vi6cHAyN5tm6XIid-l6aJcNd4L8oAX9p&amp;ll=41.37624688396198%2C2.1178129332514573&amp;z=11\">Mapa Grups d&#8217;Habitatge<\/a><\/p>\n<p>I aqu\u00ed sota us passem una llista dels de Bcn. Us hi posem l&#8217;enlla\u00e7 a la seva web (quan n&#8217;hi ha), twitter, facebook i dia, hora i lloc de les seves assemblees.<\/p>\n<hr \/>\n<h5>SANTS-MONTJU\u00cfC<\/h5>\n<h5>Sindicat de Barri del Poble Sec:<\/h5>\n<p><a href=\"http:\/\/sindicatdebarri.org\">web<\/a> \/ <a href=\"https:\/\/twitter.com\/sindicatdebarri\">tw<\/a> \/ <a href=\"https:\/\/www.facebook.com\/SindicatPobleSec\/\">fb<\/a> \/ Dilluns, 18:00h. Ateneu la Base. c.Hortes 10<\/p>\n<h5>Grup d&#8217;Habitatge de Sants:<\/h5>\n<p><a href=\"https:\/\/twitter.com\/habitatgesants\">tw<\/a> \/ <a href=\"https:\/\/www.facebook.com\/GrupHabitatgeSants\/\">fb <\/a>\/ Dilluns, 17.30h. Local La Bordeta. c. Hostafrancs de Si\u00f3 1<\/p>\n<hr \/>\n<h5>CIUTAT VELLA<\/h5>\n<h5>Sindicat d&#8217;Habitatge del Raval:<\/h5>\n<p><a href=\"https:\/\/twitter.com\/RavalSindicat\">tw<\/a> \/ <a href=\"https:\/\/www.facebook.com\/sindicathabitatgeraval\/\">fb<\/a> \/ Dimecres, 18:15h. Casa de la Solidaritat. c.Vistalegre 15<\/p>\n<h5>Sindicat d&#8217;Habitatge del Casc Antic:<\/h5>\n<p><a href=\"https:\/\/twitter.com\/SindicatCasc\">tw<\/a> \/ Dijous, 18:30h. c.Rec 27<\/p>\n<h5>Resistim al G\u00f2tic:<\/h5>\n<p><a href=\"https:\/\/resistimalgotic.wordpress.com\/\">web<\/a> \/ <a href=\"https:\/\/twitter.com\/resistimalgotic?lang=ca\">tw<\/a> \/ <a href=\"https:\/\/www.facebook.com\/resistimalgotic\/\">fb<\/a> \/ Dilluns 18:30h. La Negreta. c.Nou de Sant Francesc 21<\/p>\n<h5>Raval Rebel:<\/h5>\n<p><a href=\"https:\/\/twitter.com\/ravalrebel?lang=ca\">tw<\/a> \/ Dimarts 18:00h. Casa de la Solidaritat. c.Vistalegre 15<\/p>\n<h5>Comissi\u00f3 d&#8217;Habitatge de la Barceloneta:<\/h5>\n<p><a href=\"http:\/\/placomunitaribarceloneta.org\/comissio-dhabitatge-de-la-barceloneta\/\">web<\/a> \/ <a href=\"https:\/\/twitter.com\/cohabitbcneta\">tw<\/a> \/ \u00faltim Dimecres de mes, 18:00h. Centre C\u00edvic. c.Conreria 1-9<\/p>\n<hr \/>\n<h5>EIXAMPLE<\/h5>\n<h5>Xarxa d&#8217;Habitatge Esquerra de l&#8217;Eixample:<\/h5>\n<p><a href=\"https:\/\/xhabitatgee.wordpress.com\/\">web<\/a> \/ <a href=\"https:\/\/twitter.com\/xhabitatgee?lang=ca\">tw<\/a> \/ <a href=\"https:\/\/www.facebook.com\/XHabitatgEE\/\">fb<\/a> \/ Dilluns, 19:00h. Casal Queix. c.Rocafort 236<\/p>\n<h5>Fem Sant Antoni:<\/h5>\n<p><a href=\"https:\/\/femsantantoni.wordpress.com\/\">web<\/a> \/ <a href=\"https:\/\/twitter.com\/femsantantoni?lang=ca\">tw<\/a> \/ <a href=\"https:\/\/www.facebook.com\/FemSantAntoni\/\">fb<\/a> \/ cada 5 dies, Dimecres 19:30h. Calabria 66<\/p>\n<h5>Sindicat d&#8217;Habitatge Eixample Dret:<\/h5>\n<p><a href=\"http:\/\/@SHEixampleDret\" data-wplink-url-error=\"true\">tw<\/a> \/ Dimecres, 20:00h. La Cru\u00eflla. c.Sardenya 256<\/p>\n<hr \/>\n<h5><strong>VALLCARCA<\/strong><\/h5>\n<h5>Sindicat d&#8217;Habitatge de Vallcarca:<\/h5>\n<p><a href=\"http:\/\/habitatgevallcarca.wordpress.com\">web<\/a> \/ <a href=\"https:\/\/twitter.com\/HabitatgeVKK\">tw<\/a> \/ <a href=\"https:\/\/www.facebook.com\/HabitatgeVKK\/\">f<\/a><a href=\"https:\/\/www.facebook.com\/XHabitatgEE\/\">b<\/a> \/ Dilluns, 19:30h. La Fusteria. c.Argentera 24<\/p>\n<hr \/>\n<h5><strong>LES CORTS<\/strong><\/h5>\n<h5>Grup d&#8217;Habitatge de Les Corts:<\/h5>\n<p><a href=\"https:\/\/twitter.com\/ghlescorts?lang=ca\">tw<\/a><\/p>\n<hr \/>\n<h5><strong>HORTA &#8211; GUINARD\u00d3<\/strong><\/h5>\n<h5>Xarxa d&#8217;Habitatge d&#8217;Horta-Guinard\u00f3:<\/h5>\n<p><a href=\"https:\/\/twitter.com\/Habitatge_HG?ref_src=twsrc%5Egoogle%7Ctwcamp%5Eserp%7Ctwgr%5Eauthor\">tw<\/a> \/ <a href=\"https:\/\/www.facebook.com\/XarxaHabitatgeHG\/\">fb<\/a><\/p>\n<hr \/>\n<h5><strong>NOU BARRIS<br \/>\n<\/strong><\/h5>\n<h5>Associaci\u00f3 500&#215;20:<\/h5>\n<p><a href=\"https:\/\/500x20.prouespeculacio.org\/\">web<\/a> \/ <a href=\"https:\/\/twitter.com\/500x20?lang=ca\">tw<\/a> \/ Dijous, 18:30h. Ateneu La B\u00f2bila. c.Estudiants s\/n<\/p>\n<h5>Associaci\u00f3\u00a0 de Ve\u00efns i Ve\u00efnes de Ciutat Meridiana:<\/h5>\n<p><a href=\"https:\/\/avvcmeridiana.wordpress.com\/\">web<\/a> \/ <a href=\"https:\/\/twitter.com\/avvcmeridiana?lang=ca\">tw<\/a> \/ Dijous, 18:30h. Ateneu La B\u00f2bila. c.Estudiants s\/n<\/p>\n<hr \/>\n<h5><strong>SANT ANDREU<br \/>\n<\/strong><\/h5>\n<h5>Sindicat d&#8217;Habitatge de Sant Andreu:<\/h5>\n<p><a href=\"https:\/\/sindicathabitatgesantandreu.wordpress.com\/\">web<\/a> \/ <a href=\"https:\/\/twitter.com\/HabitatgeSTA\">tw<\/a> \/Dilluns, 18:00h. La Cin\u00e8tika. c.Rbla Fabra i Puig 32<\/p>\n<h5>Associaci\u00f3 500&#215;20:<\/h5>\n<p><a href=\"https:\/\/500x20.prouespeculacio.org\/\">web<\/a> \/ <a href=\"https:\/\/twitter.com\/500x20?lang=ca\">tw<\/a> \/ Dimecres, 18:00h. Pg. Torres i Bages 101<\/p>\n<h5>Sindicat d&#8217;Habitatge de la Sagrera:<\/h5>\n<p><a href=\"https:\/\/twitter.com\/SagreraSindicat?ref_src=twsrc%5Egoogle%7Ctwcamp%5Eserp%7Ctwgr%5Eauthor\">tw<\/a> \/ Dijous, 18:00h. La Torre de la Sagrera. c.Berenguer de Palou 64<\/p>\n<hr \/>\n<h5><strong>GR\u00c0CIA<br \/>\n<\/strong><\/h5>\n<h5>Sindicat d&#8217;Habitatge de Gr\u00e0cia:<\/h5>\n<p><a href=\"https:\/\/habitatgegracia.wordpress.com\/\">web<\/a> \/ <a href=\"https:\/\/twitter.com\/habitatgegracia?lang=ca\">tw<\/a> \/ <a href=\"https:\/\/www.facebook.com\/Sindicat-dHabitatge-de-Gr%C3%A0cia-1543772095886043\/\">fb<\/a> \/ Dimecres 19:00h. Bloc Jahnela. Trav. Gr\u00e0cia 156<\/p>\n<hr \/>\n<h5><strong>SANT MART\u00cd<br \/>\n<\/strong><\/h5>\n<h5>Observatori d&#8217;Habitatge i Turisme del Clot &#8211; Camp de l&#8217;Arpa:<\/h5>\n<p><a href=\"http:\/\/www.observatoriclot.alscarrers.org\/\">web<\/a> \/ <a href=\"https:\/\/twitter.com\/observatoriclot?lang=ca\">tw<\/a> \/ <a href=\"https:\/\/www.facebook.com\/observatoriclot\/\">fb<\/a> \/ Dimecres 18:00h. AVV Clot c.Sib\u00e8lus, 3<\/p>\n<h5>Sindicat d&#8217;Habitatge de la Verneda i la Pau<\/h5>\n<p><a href=\"https:\/\/twitter.com\/shvernedalapau?lang=ca\">tw<\/a> \/ <a href=\"https:\/\/www.facebook.com\/SHVernedaLaPau\/\">fb<\/a> \/ Dimarts 19:00h. <span class=\"css-901oao css-16my406 r-1qd0xha r-ad9z0x r-bcqeeo r-qvutc0\">c.Pere Verg\u00e9s 1, 2a planta<\/span><\/p>\n<h5>Comissi\u00f3 d&#8217;Habitatge Poblenou:<\/h5>\n<p><a href=\"https:\/\/www.elpoblenou.cat\/index.php\/comisio-dhabitatge\">web<\/a> \/ <a href=\"https:\/\/twitter.com\/habitatgep9?lang=ca\">tw<\/a> \/ 1er Divendres de mes 18:00h. Rbla. Poble Nou 49<\/p>\n<h5>Al Poble Nou ens PlantemComissi\u00f3 d&#8217;Habitatge Poblenou:<\/h5>\n<p>alpoblenouensplantem@gmail.com<\/p>\n<hr \/>\n<h4><strong><span style=\"font-size: 14pt;\">BARCELONA<\/span><br \/>\n<\/strong><\/h4>\n<h5>PAH Barcelona:<\/h5>\n<p><a href=\"https:\/\/pahbarcelona.org\/ca\/portada\/\">web<\/a> \/ <a href=\"https:\/\/twitter.com\/PAH_BCN?ref_src=twsrc%5Egoogle%7Ctwcamp%5Eserp%7Ctwgr%5Eauthor\">tw<\/a> \/ <a href=\"https:\/\/ca-es.facebook.com\/PAHBarcelona\">fb<\/a> \/ Dilluns 18:00h. c.Leiva 44<\/p>\n<h5>Sindicat de Llogaters:<\/h5>\n<p><a href=\"https:\/\/sindicatdellogateres.org\/\">web<\/a> \/ <a href=\"https:\/\/twitter.com\/SindicatLloguer?ref_src=twsrc%5Egoogle%7Ctwcamp%5Eserp%7Ctwgr%5Eauthor\">tw<\/a> \/ <a href=\"https:\/\/www.facebook.com\/SindicatLloguer\/\">fb<\/a> \/\u00a0 c.Villarroel 10<\/p>\n<h5>Obra Social Barcelona:<\/h5>\n<p><a href=\"https:\/\/obrasocialbcn.net\/\">web <\/a>\/ <a href=\"https:\/\/twitter.com\/obrasocialbcn?ref_src=twsrc%5Egoogle%7Ctwcamp%5Eserp%7Ctwgr%5Eauthor\">tw<\/a><\/p>\n<h5>Difusi\u00f3 Desnonaments a Barcelona:<\/h5>\n<p>Telegram: <a href=\"https:\/\/t.me\/desnonamentsbcn\">https:\/\/t.me\/desnonamentsbcn<\/a> \/ Twitter: <a href=\"https:\/\/twitter.com\/desnonamentsbcn?lang=ca\">@DesnonamentsBcn<\/a><\/p>\n","protected":false},"excerpt":{"rendered":"<p>Per si heu arribat aqu\u00ed per dubtes al voltant de l&#8217;habitatge per\u00f2 no viviu al Poble Sec, per si voleu [&hellip;]<\/p>\n","protected":false},"author":1,"featured_media":0,"parent":168,"menu_order":0,"comment_status":"closed","ping_status":"closed","template":"","meta":[],"_links":{"self":[{"href":"https:\/\/sindicatdebarri.org\/index.php\/wp-json\/wp\/v2\/pages\/344"}],"collection":[{"href":"https:\/\/sindicatdebarri.org\/index.php\/wp-json\/wp\/v2\/pages"}],"about":[{"href":"https:\/\/sindicatdebarri.org\/index.php\/wp-json\/wp\/v2\/types\/page"}],"author":[{"embeddable":true,"href":"https:\/\/sindicatdebarri.org\/index.php\/wp-json\/wp\/v2\/users\/1"}],"replies":[{"embeddable":true,"href":"https:\/\/sindicatdebarri.org\/index.php\/wp-json\/wp\/v2\/comments?post=344"}],"version-history":[{"count":19,"href":"https:\/\/sindicatdebarri.org\/index.php\/wp-json\/wp\/v2\/pages\/344\/revisions"}],"predecessor-version":[{"id":592,"href":"https:\/\/sindicatdebarri.org\/index.php\/wp-json\/wp\/v2\/pages\/344\/revisions\/592"}],"up":[{"embeddable":true,"href":"https:\/\/sindicatdebarri.org\/index.php\/wp-json\/wp\/v2\/pages\/168"}],"wp:attachment":[{"href":"https:\/\/sindicatdebarri.org\/index.php\/wp-json\/wp\/v2\/media?parent=344"}],"curies":[{"name":"wp","href":"https:\/\/api.w.org\/{rel}","templated":true}]}}